{"id":694,"date":"2020-08-02T19:25:21","date_gmt":"2020-08-02T19:25:21","guid":{"rendered":"http:\/\/carraro.serverside.es\/?page_id=694"},"modified":"2020-10-22T14:03:05","modified_gmt":"2020-10-22T14:03:05","slug":"revista-no-32","status":"publish","type":"page","link":"https:\/\/fundacioncarraro.org\/?page_id=694","title":{"rendered":"Revista N\u00ba 32"},"content":{"rendered":"\t\t<div data-elementor-type=\"wp-page\" data-elementor-id=\"694\" class=\"elementor elementor-694\" data-elementor-post-type=\"page\">\n\t\t\t\t\t\t<section class=\"elementor-section elementor-top-section elementor-element elementor-element-278f855 elementor-section-boxed elementor-section-height-default elementor-section-height-default\" data-id=\"278f855\" data-element_type=\"section\">\n\t\t\t\t\t\t<div class=\"elementor-container elementor-column-gap-default\">\n\t\t\t\t\t<div class=\"elementor-column elementor-col-100 elementor-top-column elementor-element elementor-element-207a70e\" data-id=\"207a70e\" data-element_type=\"column\">\n\t\t\t<div class=\"elementor-widget-wrap elementor-element-populated\">\n\t\t\t\t\t\t<div class=\"elementor-element elementor-element-76f9354 elementor-widget elementor-widget-spacer\" data-id=\"76f9354\" data-element_type=\"widget\" data-widget_type=\"spacer.default\">\n\t\t\t\t<div class=\"elementor-widget-container\">\n\t\t\t\t\t<div class=\"elementor-spacer\">\n\t\t\t<div class=\"elementor-spacer-inner\"><\/div>\n\t\t<\/div>\n\t\t\t\t<\/div>\n\t\t\t\t<\/div>\n\t\t\t\t\t<\/div>\n\t\t<\/div>\n\t\t\t\t\t<\/div>\n\t\t<\/section>\n\t\t\t\t<section class=\"elementor-section elementor-top-section elementor-element elementor-element-a3d4674 elementor-section-boxed elementor-section-height-default elementor-section-height-default\" data-id=\"a3d4674\" data-element_type=\"section\">\n\t\t\t\t\t\t<div class=\"elementor-container elementor-column-gap-default\">\n\t\t\t\t\t<div class=\"elementor-column elementor-col-100 elementor-top-column elementor-element elementor-element-2804935\" data-id=\"2804935\" data-element_type=\"column\">\n\t\t\t<div class=\"elementor-widget-wrap elementor-element-populated\">\n\t\t\t\t\t\t<div class=\"elementor-element elementor-element-5850a57 elementor-widget elementor-widget-heading\" data-id=\"5850a57\" data-element_type=\"widget\" data-widget_type=\"heading.default\">\n\t\t\t\t<div class=\"elementor-widget-container\">\n\t\t\t<h2 class=\"elementor-heading-title elementor-size-default\">REVISTA N\u00ba 32 - 2010<\/h2>\t\t<\/div>\n\t\t\t\t<\/div>\n\t\t\t\t\t<\/div>\n\t\t<\/div>\n\t\t\t\t\t<\/div>\n\t\t<\/section>\n\t\t\t\t<section class=\"elementor-section elementor-top-section elementor-element elementor-element-ee33c8c elementor-section-boxed elementor-section-height-default elementor-section-height-default\" data-id=\"ee33c8c\" data-element_type=\"section\">\n\t\t\t\t\t\t<div class=\"elementor-container elementor-column-gap-default\">\n\t\t\t\t\t<div class=\"elementor-column elementor-col-100 elementor-top-column elementor-element elementor-element-9b6452b\" data-id=\"9b6452b\" data-element_type=\"column\">\n\t\t\t<div class=\"elementor-widget-wrap elementor-element-populated\">\n\t\t\t\t\t\t<div class=\"elementor-element elementor-element-8a4a90d elementor-widget elementor-widget-text-editor\" data-id=\"8a4a90d\" data-element_type=\"widget\" data-widget_type=\"text-editor.default\">\n\t\t\t\t<div class=\"elementor-widget-container\">\n\t\t\t\t\t\t\t<p><a href=\"http:\/\/fundacioncarraro.org\/wp-content\/uploads\/2020\/10\/N32.pdf\" target=\"_blank\" rel=\"noopener\"><img decoding=\"async\" class=\"wp-image-629 alignleft\" src=\"http:\/\/fundacioncarraro.org\/wp-content\/uploads\/2020\/08\/32-tapa32-int.jpg\" alt=\"\" width=\"104\" height=\"150\" \/><\/a><\/p><p><a href=\"http:\/\/fundacioncarraro.org\/wp-content\/uploads\/2020\/10\/N32.pdf\" target=\"_blank\" rel=\"noopener\">VER M\u00c1S<\/a><strong><br \/><br \/>Sumario de la revista:<\/strong><\/p><p><strong>Editorial de la Revista N\u00ba32<br \/><\/strong>Asociaci\u00f3n Colombiana de Periodoncia y oseointegraci\u00f3n<br \/>Dr. Adolfo J. Aragon\u00e9s<\/p><p>\u00a0<\/p><p><strong>Art\u00edculos originales<\/strong><\/p><p><strong>1.<\/strong> Efecto del Tratamiento Periodontal No-Quir\u00fargico en la Detecci\u00f3n de Bacilos Ent\u00e9ricos Asociados a Periodontitis Cr\u00f3nica: Descripci\u00f3n Microbiol\u00f3gica<br \/>C. Serrano, N.Torres; A. Acosta; A. Bajarano; Me. Castellanos; M. Caviedes. Colombia<\/p><p><strong>2.<\/strong> Periodonto: Consideraciones en pacientes oncol\u00f3gicos que requieren quimioterapia<br \/>Odont\u00f3loga Mar\u00eda Trinidad Garc\u00eda Susini. Argentina<\/p><p><strong>3.<\/strong> El tabaquismo como factor de riesgo de enfermedades bucales<br \/>Al.Yuslaini Cuba D\u00edaz; Al.Violeta Garc\u00eda Saborit; Dra.Yamirka Rodr\u00edguez Guerra; Dra. Mercedes G\u00f3mez Mari\u00f1o; Dra.Violeta Saborit Casanovas. Cuba<\/p><p><strong>4.<\/strong> Periodontitis Agresiva<br \/>Prof. Dr. Luis A. Bueno Rossy; Dr. Leonel Bianchi; Br.Victoria Garc\u00eda Olazabal; Ana Carla Cascone;Ver\u00f3nica Giacomelli. Uruguay<\/p><p><strong>5.<\/strong> Injerto de Hueso Aut\u00f3logo. Caso Cl\u00ednico con evaluaci\u00f3n a 11 a\u00f1os<br \/>Prof. Dr. Jos\u00e9 \u00c1ngel Loi; Prof. Dr. Jorge Nicol\u00e1s Ju\u00e1rez. Argentina<\/p><p><strong>6.<\/strong> Desde la infecci\u00f3n focal hasta la medicina periodontal. From focal infetion to periodontal.<br \/>Prof. Dra. Magda Feres; Luciene Cristina de Figueiredo. Brasil<\/p><p><strong>7.<\/strong> Colgajo desplazado coronal versus injerto de tejido conectivo en el tratamiento de recesiones gingivales m\u00faltiples: un estudio a boca dividida con 5 a\u00f1os de seguimiento<br \/>Pini-Prato GP, Cairo F., Nieri M., Franceschi D., Rotundo R., Cortellini P.<br \/>Traducido y analizado por el Prof. Dr. Luis Urz\u00faa. Argentina<\/p>\t\t\t\t\t\t<\/div>\n\t\t\t\t<\/div>\n\t\t\t\t\t<\/div>\n\t\t<\/div>\n\t\t\t\t\t<\/div>\n\t\t<\/section>\n\t\t\t\t<\/div>\n\t\t","protected":false},"excerpt":{"rendered":"<p>REVISTA N\u00ba 32 &#8211; 2010 VER M\u00c1S Sumario de la revista: Editorial de la Revista N\u00ba32Asociaci\u00f3n Colombiana de Periodoncia y oseointegraci\u00f3nDr. Adolfo J. Aragon\u00e9s \u00a0 Art\u00edculos originales 1. Efecto del Tratamiento Periodontal No-Quir\u00fargico en la Detecci\u00f3n de Bacilos Ent\u00e9ricos Asociados a Periodontitis Cr\u00f3nica: Descripci\u00f3n Microbiol\u00f3gicaC. Serrano, N.Torres; A. Acosta; A. Bajarano; Me. Castellanos; M. Caviedes. [&hellip;]<\/p>\n","protected":false},"author":1,"featured_media":0,"parent":0,"menu_order":0,"comment_status":"closed","ping_status":"closed","template":"","meta":{"footnotes":""},"class_list":["post-694","page","type-page","status-publish","hentry"],"_links":{"self":[{"href":"https:\/\/fundacioncarraro.org\/index.php?rest_route=\/wp\/v2\/pages\/694","targetHints":{"allow":["GET"]}}],"collection":[{"href":"https:\/\/fundacioncarraro.org\/index.php?rest_route=\/wp\/v2\/pages"}],"about":[{"href":"https:\/\/fundacioncarraro.org\/index.php?rest_route=\/wp\/v2\/types\/page"}],"author":[{"embeddable":true,"href":"https:\/\/fundacioncarraro.org\/index.php?rest_route=\/wp\/v2\/users\/1"}],"replies":[{"embeddable":true,"href":"https:\/\/fundacioncarraro.org\/index.php?rest_route=%2Fwp%2Fv2%2Fcomments&post=694"}],"version-history":[{"count":10,"href":"https:\/\/fundacioncarraro.org\/index.php?rest_route=\/wp\/v2\/pages\/694\/revisions"}],"predecessor-version":[{"id":1236,"href":"https:\/\/fundacioncarraro.org\/index.php?rest_route=\/wp\/v2\/pages\/694\/revisions\/1236"}],"wp:attachment":[{"href":"https:\/\/fundacioncarraro.org\/index.php?rest_route=%2Fwp%2Fv2%2Fmedia&parent=694"}],"curies":[{"name":"wp","href":"https:\/\/api.w.org\/{rel}","templated":true}]}}