{"id":700,"date":"2020-08-02T19:28:18","date_gmt":"2020-08-02T19:28:18","guid":{"rendered":"http:\/\/carraro.serverside.es\/?page_id=700"},"modified":"2020-10-22T14:02:10","modified_gmt":"2020-10-22T14:02:10","slug":"revista-no-31","status":"publish","type":"page","link":"https:\/\/fundacioncarraro.org\/?page_id=700","title":{"rendered":"Revista N\u00ba 31"},"content":{"rendered":"\t\t<div data-elementor-type=\"wp-page\" data-elementor-id=\"700\" class=\"elementor elementor-700\" data-elementor-post-type=\"page\">\n\t\t\t\t\t\t<section class=\"elementor-section elementor-top-section elementor-element elementor-element-b81cc1a elementor-section-boxed elementor-section-height-default elementor-section-height-default\" data-id=\"b81cc1a\" data-element_type=\"section\">\n\t\t\t\t\t\t<div class=\"elementor-container elementor-column-gap-default\">\n\t\t\t\t\t<div class=\"elementor-column elementor-col-100 elementor-top-column elementor-element elementor-element-1d85808\" data-id=\"1d85808\" data-element_type=\"column\">\n\t\t\t<div class=\"elementor-widget-wrap elementor-element-populated\">\n\t\t\t\t\t\t<div class=\"elementor-element elementor-element-24324eb elementor-widget elementor-widget-spacer\" data-id=\"24324eb\" data-element_type=\"widget\" data-widget_type=\"spacer.default\">\n\t\t\t\t<div class=\"elementor-widget-container\">\n\t\t\t\t\t<div class=\"elementor-spacer\">\n\t\t\t<div class=\"elementor-spacer-inner\"><\/div>\n\t\t<\/div>\n\t\t\t\t<\/div>\n\t\t\t\t<\/div>\n\t\t\t\t\t<\/div>\n\t\t<\/div>\n\t\t\t\t\t<\/div>\n\t\t<\/section>\n\t\t\t\t<section class=\"elementor-section elementor-top-section elementor-element elementor-element-02932b4 elementor-section-boxed elementor-section-height-default elementor-section-height-default\" data-id=\"02932b4\" data-element_type=\"section\">\n\t\t\t\t\t\t<div class=\"elementor-container elementor-column-gap-default\">\n\t\t\t\t\t<div class=\"elementor-column elementor-col-100 elementor-top-column elementor-element elementor-element-870dad3\" data-id=\"870dad3\" data-element_type=\"column\">\n\t\t\t<div class=\"elementor-widget-wrap elementor-element-populated\">\n\t\t\t\t\t\t<div class=\"elementor-element elementor-element-d4966c0 elementor-widget elementor-widget-heading\" data-id=\"d4966c0\" data-element_type=\"widget\" data-widget_type=\"heading.default\">\n\t\t\t\t<div class=\"elementor-widget-container\">\n\t\t\t<h2 class=\"elementor-heading-title elementor-size-default\">REVISTA N\u00ba 31 - 2010<\/h2>\t\t<\/div>\n\t\t\t\t<\/div>\n\t\t\t\t\t<\/div>\n\t\t<\/div>\n\t\t\t\t\t<\/div>\n\t\t<\/section>\n\t\t\t\t<section class=\"elementor-section elementor-top-section elementor-element elementor-element-e6d2e4c elementor-section-boxed elementor-section-height-default elementor-section-height-default\" data-id=\"e6d2e4c\" data-element_type=\"section\">\n\t\t\t\t\t\t<div class=\"elementor-container elementor-column-gap-default\">\n\t\t\t\t\t<div class=\"elementor-column elementor-col-100 elementor-top-column elementor-element elementor-element-3d2404b\" data-id=\"3d2404b\" data-element_type=\"column\">\n\t\t\t<div class=\"elementor-widget-wrap elementor-element-populated\">\n\t\t\t\t\t\t<div class=\"elementor-element elementor-element-88cc026 elementor-widget elementor-widget-text-editor\" data-id=\"88cc026\" data-element_type=\"widget\" data-widget_type=\"text-editor.default\">\n\t\t\t\t<div class=\"elementor-widget-container\">\n\t\t\t\t\t\t\t<p><a href=\"http:\/\/fundacioncarraro.org\/wp-content\/uploads\/2020\/10\/N31.pdf\" target=\"_blank\" rel=\"noopener\">VER M\u00c1S<img decoding=\"async\" class=\"wp-image-628 alignleft\" src=\"http:\/\/fundacioncarraro.org\/wp-content\/uploads\/2020\/08\/31-tapa31-int.jpg\" alt=\"\" width=\"103\" height=\"148\" \/><\/a><br \/><br \/><strong>Sumario de la revista:<\/strong><\/p><p><strong>Editorial de la Revista N\u00ba31<br \/><\/strong>Abrazo Fraternal<br \/>Dr. Adolfo J. Aragon\u00e9s<\/p><p>\u00a0<\/p><p><strong>Art\u00edculos originales<\/strong><\/p><p><strong>1.<\/strong> Efecto del Plasma Rico en Plaquetas sobre la proliferaci\u00f3n de Fibroblastos Gingivales Humanos In Vitro<br \/>Acosta G\u00f3mez; A.P., Garcia Robayo, D.A., Perdomo Lara, S.J., Gonz\u00e1lez, O.A.<br \/>Velosa Porras, J., Ouellette, J., Pereira Ebratt, R.<\/p><p><strong>2.<\/strong> Etiopatogenia gingivo- periodontal: conceptos de inter\u00e9s para la cl\u00ednica<br \/>Prof. Dr. Luis Bueno Rossy; Od. Fernando Sakugawa.<\/p><p><strong>3.<\/strong> Ozono en Periodoncia: perspectivas cl\u00ednicas<br \/>Amanda Beatriz Dahdah Aniceto de Freitas, Carolina Dolabela Leal de Castro,<br \/>Cl\u00e1udia Silami de Magalh\u00e3es Allyson Nogueira<\/p><p><strong>4.<\/strong> Principios e interpretaci\u00f3n radiogr\u00e1fica en la enfermedad periodontal<br \/>Martinez, Maria Elisa; Martinez, Beatriz Ana Maria; Bruno, Irene Gabriela<\/p><p><strong>5.<\/strong> Utilizaci\u00f3n del fosfato tric\u00e1lcico beta (R.T.R) para relleno alveolar post-exodoncia, para la posterior colocaci\u00f3n de un implante dental<br \/>Sixto Garc\u00eda Linares Oscar Hern\u00e1n Arribasplata Loconi<\/p><p><strong>6.<\/strong> Epidemiolog\u00eda de la enfermedad periodontal en Am\u00e9rica Latina<br \/>Epidermiology of periodontal disease in Latin America<br \/>Mauricio G. Ara\u00fajo; Flavia Sukekava<\/p><p><strong>7.<\/strong> Interrelaci\u00f3n entre enfermedad Periodontal y Diabetes Mellitus<br \/>Arthur Bel\u00e9m Novaes J\u00fanior; Guilherme de Oliveira Macedo<\/p><p><strong>8.<\/strong> Entrevista Profesor Titular de la C\u00e1tedra de Periodoncia de la Facultad<br \/>de Odontolog\u00eda de la U.B.A.<br \/>Prof. Dr. Nelson Carranza<\/p>\t\t\t\t\t\t<\/div>\n\t\t\t\t<\/div>\n\t\t\t\t\t<\/div>\n\t\t<\/div>\n\t\t\t\t\t<\/div>\n\t\t<\/section>\n\t\t\t\t<\/div>\n\t\t","protected":false},"excerpt":{"rendered":"<p>REVISTA N\u00ba 31 &#8211; 2010 VER M\u00c1S Sumario de la revista: Editorial de la Revista N\u00ba31Abrazo FraternalDr. Adolfo J. Aragon\u00e9s \u00a0 Art\u00edculos originales 1. Efecto del Plasma Rico en Plaquetas sobre la proliferaci\u00f3n de Fibroblastos Gingivales Humanos In VitroAcosta G\u00f3mez; A.P., Garcia Robayo, D.A., Perdomo Lara, S.J., Gonz\u00e1lez, O.A.Velosa Porras, J., Ouellette, J., Pereira Ebratt, [&hellip;]<\/p>\n","protected":false},"author":1,"featured_media":0,"parent":0,"menu_order":0,"comment_status":"closed","ping_status":"closed","template":"","meta":{"footnotes":""},"class_list":["post-700","page","type-page","status-publish","hentry"],"_links":{"self":[{"href":"https:\/\/fundacioncarraro.org\/index.php?rest_route=\/wp\/v2\/pages\/700","targetHints":{"allow":["GET"]}}],"collection":[{"href":"https:\/\/fundacioncarraro.org\/index.php?rest_route=\/wp\/v2\/pages"}],"about":[{"href":"https:\/\/fundacioncarraro.org\/index.php?rest_route=\/wp\/v2\/types\/page"}],"author":[{"embeddable":true,"href":"https:\/\/fundacioncarraro.org\/index.php?rest_route=\/wp\/v2\/users\/1"}],"replies":[{"embeddable":true,"href":"https:\/\/fundacioncarraro.org\/index.php?rest_route=%2Fwp%2Fv2%2Fcomments&post=700"}],"version-history":[{"count":8,"href":"https:\/\/fundacioncarraro.org\/index.php?rest_route=\/wp\/v2\/pages\/700\/revisions"}],"predecessor-version":[{"id":1234,"href":"https:\/\/fundacioncarraro.org\/index.php?rest_route=\/wp\/v2\/pages\/700\/revisions\/1234"}],"wp:attachment":[{"href":"https:\/\/fundacioncarraro.org\/index.php?rest_route=%2Fwp%2Fv2%2Fmedia&parent=700"}],"curies":[{"name":"wp","href":"https:\/\/api.w.org\/{rel}","templated":true}]}}