{"id":787,"date":"2020-08-14T20:37:59","date_gmt":"2020-08-14T20:37:59","guid":{"rendered":"http:\/\/carraro.serverside.es\/?page_id=787"},"modified":"2020-09-28T19:27:23","modified_gmt":"2020-09-28T19:27:23","slug":"revista-no-27-2008%e2%80%8b","status":"publish","type":"page","link":"https:\/\/fundacioncarraro.org\/?page_id=787","title":{"rendered":"Revista N\u00ba 27"},"content":{"rendered":"\t\t<div data-elementor-type=\"wp-page\" data-elementor-id=\"787\" class=\"elementor elementor-787\" data-elementor-post-type=\"page\">\n\t\t\t\t\t\t<section class=\"elementor-section elementor-top-section elementor-element elementor-element-b6eddfc elementor-section-boxed elementor-section-height-default elementor-section-height-default\" data-id=\"b6eddfc\" data-element_type=\"section\">\n\t\t\t\t\t\t<div class=\"elementor-container elementor-column-gap-default\">\n\t\t\t\t\t<div class=\"elementor-column elementor-col-100 elementor-top-column elementor-element elementor-element-e3b8583\" data-id=\"e3b8583\" data-element_type=\"column\">\n\t\t\t<div class=\"elementor-widget-wrap elementor-element-populated\">\n\t\t\t\t\t\t<div class=\"elementor-element elementor-element-5d520f2 elementor-widget elementor-widget-spacer\" data-id=\"5d520f2\" data-element_type=\"widget\" data-widget_type=\"spacer.default\">\n\t\t\t\t<div class=\"elementor-widget-container\">\n\t\t\t\t\t<div class=\"elementor-spacer\">\n\t\t\t<div class=\"elementor-spacer-inner\"><\/div>\n\t\t<\/div>\n\t\t\t\t<\/div>\n\t\t\t\t<\/div>\n\t\t\t\t\t<\/div>\n\t\t<\/div>\n\t\t\t\t\t<\/div>\n\t\t<\/section>\n\t\t\t\t<section class=\"elementor-section elementor-top-section elementor-element elementor-element-47041db elementor-section-boxed elementor-section-height-default elementor-section-height-default\" data-id=\"47041db\" data-element_type=\"section\">\n\t\t\t\t\t\t<div class=\"elementor-container elementor-column-gap-default\">\n\t\t\t\t\t<div class=\"elementor-column elementor-col-100 elementor-top-column elementor-element elementor-element-0d995b9\" data-id=\"0d995b9\" data-element_type=\"column\">\n\t\t\t<div class=\"elementor-widget-wrap elementor-element-populated\">\n\t\t\t\t\t\t<div class=\"elementor-element elementor-element-07b7839 elementor-widget elementor-widget-heading\" data-id=\"07b7839\" data-element_type=\"widget\" data-widget_type=\"heading.default\">\n\t\t\t\t<div class=\"elementor-widget-container\">\n\t\t\t<h2 class=\"elementor-heading-title elementor-size-default\">REVISTA N\u00ba 27 - 2008<\/h2>\t\t<\/div>\n\t\t\t\t<\/div>\n\t\t\t\t\t<\/div>\n\t\t<\/div>\n\t\t\t\t\t<\/div>\n\t\t<\/section>\n\t\t\t\t<section class=\"elementor-section elementor-top-section elementor-element elementor-element-76b2096 elementor-section-boxed elementor-section-height-default elementor-section-height-default\" data-id=\"76b2096\" data-element_type=\"section\">\n\t\t\t\t\t\t<div class=\"elementor-container elementor-column-gap-default\">\n\t\t\t\t\t<div class=\"elementor-column elementor-col-100 elementor-top-column elementor-element elementor-element-1d37fed\" data-id=\"1d37fed\" data-element_type=\"column\">\n\t\t\t<div class=\"elementor-widget-wrap elementor-element-populated\">\n\t\t\t\t\t\t<div class=\"elementor-element elementor-element-42583eb elementor-widget elementor-widget-text-editor\" data-id=\"42583eb\" data-element_type=\"widget\" data-widget_type=\"text-editor.default\">\n\t\t\t\t<div class=\"elementor-widget-container\">\n\t\t\t\t\t\t\t<p><img decoding=\"async\" class=\"wp-image-624 alignleft\" src=\"http:\/\/fundacioncarraro.org\/wp-content\/uploads\/2020\/08\/27-tapa.jpg\" alt=\"\" width=\"151\" height=\"167\" \/><\/p><p><strong>Sumario de la revista:<\/strong><\/p><p><strong>Editorial de la Revista N\u00ba 27<br \/><\/strong>\u201c3er. Congreso Iberopanamericano de Periodoncia 2008\u201d<br \/>Dr. Adolfo Aragon\u00e9s<br \/>Calidad Cientifica de primer nivel<br \/>Prof. Dr. Hugo Romanelli<\/p><p><strong>Art\u00edculos originales<\/strong><br \/><strong>1.<\/strong> Descripci\u00f3n y evaluaci\u00f3n de un m\u00e9todo de transferencia de la planificaci\u00f3n preoperatoria 3-D a un modelo de yeso para la confecci\u00f3n de una gu\u00eda quir\u00fargica en la instalaci\u00f3n de implantes orales. Reporte de un caso<br \/>Dr. Jos\u00e9 Tom\u00e1s Armijo, Prof. Dr. Pertuiset Julio (Chile)<\/p><p><strong>2.<\/strong> El Uso de Prototipo R\u00e1pido para la instalaci\u00f3n inmediata de implantes asociados con la funci\u00f3n inmediata<br \/>Prof. Dr. Rafael A. de Oliveira, Prof. Dr. Arthur B. Novaes Junior, Valdir A. Muglia (Brasil)<\/p><p><strong>3.<\/strong> El enigma de la hipersensibilidad dentinaria y la recesi\u00f3n gingival<br \/>Prof. Luis Alonso Calatrava Oramas (Venezuela)<\/p><p><strong>4.<\/strong> Estudio comparativo de cuatro protocolos para la obtenci\u00f3n de Plasma Rico en Plaquetas (PRP)<br \/>Dr. Luis Alberto Garc\u00eda Rios. (Venezuela)<\/p><p><strong>5.<\/strong> Biofosfanatos: \u201cUn desaf\u00edo terap\u00e9utico por resolver\u201d<br \/>Dra. Silvana Picardo y Prof. Dr. Eduardo Rey. (Argentina)<\/p><p><strong>6.<\/strong> Relaci\u00f3n entre el signo cl\u00ednico de sangrado al sondaje gingival y la prueba enzim\u00e1tica BANA en adolescentes escolares.<br \/>Prof. Dr. Javier E Monz\u00f3n, Dr. Miguel J. Acu\u00f1a, Prof. Dr. Ernesto Canga, Dr. El\u00edas Azzi, Prof. Dr. Rolando Ju\u00e1rez, Dr. Ricardo Diez (Argentina)<\/p><p><strong>7.<\/strong> Periimplantitis y algo m\u00e1s. Presentaci\u00f3n de un caso cl\u00ednico<br \/>Dr. Osvaldo R. Costa, Dra. Marcela A. Redondo (argentina)<\/p><p><strong>Entrevista del mes<\/strong><br \/>Prof. Dr. Edgardo R. Caride (Argentina)<\/p><p><strong>Enfoques<\/strong><br \/>Como debemos ense\u00f1ar<br \/>Colaboraci\u00f3n Prof. Dra. Florencia Hidalgo<\/p>\t\t\t\t\t\t<\/div>\n\t\t\t\t<\/div>\n\t\t\t\t\t<\/div>\n\t\t<\/div>\n\t\t\t\t\t<\/div>\n\t\t<\/section>\n\t\t\t\t<\/div>\n\t\t","protected":false},"excerpt":{"rendered":"<p>REVISTA N\u00ba 27 &#8211; 2008 Sumario de la revista: Editorial de la Revista N\u00ba 27\u201c3er. Congreso Iberopanamericano de Periodoncia 2008&#8243;Dr. Adolfo Aragon\u00e9sCalidad Cientifica de primer nivelProf. Dr. Hugo Romanelli Art\u00edculos originales1. Descripci\u00f3n y evaluaci\u00f3n de un m\u00e9todo de transferencia de la planificaci\u00f3n preoperatoria 3-D a un modelo de yeso para la confecci\u00f3n de una gu\u00eda [&hellip;]<\/p>\n","protected":false},"author":1,"featured_media":0,"parent":0,"menu_order":0,"comment_status":"closed","ping_status":"closed","template":"","meta":{"footnotes":""},"class_list":["post-787","page","type-page","status-publish","hentry"],"_links":{"self":[{"href":"https:\/\/fundacioncarraro.org\/index.php?rest_route=\/wp\/v2\/pages\/787","targetHints":{"allow":["GET"]}}],"collection":[{"href":"https:\/\/fundacioncarraro.org\/index.php?rest_route=\/wp\/v2\/pages"}],"about":[{"href":"https:\/\/fundacioncarraro.org\/index.php?rest_route=\/wp\/v2\/types\/page"}],"author":[{"embeddable":true,"href":"https:\/\/fundacioncarraro.org\/index.php?rest_route=\/wp\/v2\/users\/1"}],"replies":[{"embeddable":true,"href":"https:\/\/fundacioncarraro.org\/index.php?rest_route=%2Fwp%2Fv2%2Fcomments&post=787"}],"version-history":[{"count":12,"href":"https:\/\/fundacioncarraro.org\/index.php?rest_route=\/wp\/v2\/pages\/787\/revisions"}],"predecessor-version":[{"id":1125,"href":"https:\/\/fundacioncarraro.org\/index.php?rest_route=\/wp\/v2\/pages\/787\/revisions\/1125"}],"wp:attachment":[{"href":"https:\/\/fundacioncarraro.org\/index.php?rest_route=%2Fwp%2Fv2%2Fmedia&parent=787"}],"curies":[{"name":"wp","href":"https:\/\/api.w.org\/{rel}","templated":true}]}}