{"id":88,"date":"2020-06-23T14:15:39","date_gmt":"2020-06-23T14:15:39","guid":{"rendered":"http:\/\/carraro.serverside.es\/?page_id=88"},"modified":"2020-09-28T21:46:18","modified_gmt":"2020-09-28T21:46:18","slug":"dr-juan-jose-carraro","status":"publish","type":"page","link":"https:\/\/fundacioncarraro.org\/?page_id=88","title":{"rendered":"Dr. Juan Jos\u00e9 Carraro"},"content":{"rendered":"\t\t<div data-elementor-type=\"wp-page\" data-elementor-id=\"88\" class=\"elementor elementor-88\" data-elementor-post-type=\"page\">\n\t\t\t\t\t\t<section class=\"elementor-section elementor-top-section elementor-element elementor-element-fb59dc4 elementor-section-boxed elementor-section-height-default elementor-section-height-default\" data-id=\"fb59dc4\" data-element_type=\"section\">\n\t\t\t\t\t\t<div class=\"elementor-container elementor-column-gap-default\">\n\t\t\t\t\t<div class=\"elementor-column elementor-col-100 elementor-top-column elementor-element elementor-element-c8c7aaf\" data-id=\"c8c7aaf\" data-element_type=\"column\">\n\t\t\t<div class=\"elementor-widget-wrap elementor-element-populated\">\n\t\t\t\t\t\t<div class=\"elementor-element elementor-element-73eeba7 elementor-widget elementor-widget-spacer\" data-id=\"73eeba7\" data-element_type=\"widget\" data-widget_type=\"spacer.default\">\n\t\t\t\t<div class=\"elementor-widget-container\">\n\t\t\t\t\t<div class=\"elementor-spacer\">\n\t\t\t<div class=\"elementor-spacer-inner\"><\/div>\n\t\t<\/div>\n\t\t\t\t<\/div>\n\t\t\t\t<\/div>\n\t\t\t\t\t<\/div>\n\t\t<\/div>\n\t\t\t\t\t<\/div>\n\t\t<\/section>\n\t\t\t\t<section class=\"elementor-section elementor-top-section elementor-element elementor-element-7b1ae9a elementor-section-boxed elementor-section-height-default elementor-section-height-default\" data-id=\"7b1ae9a\" data-element_type=\"section\">\n\t\t\t\t\t\t<div class=\"elementor-container elementor-column-gap-default\">\n\t\t\t\t\t<div class=\"elementor-column elementor-col-100 elementor-top-column elementor-element elementor-element-5f4672c\" data-id=\"5f4672c\" data-element_type=\"column\">\n\t\t\t<div class=\"elementor-widget-wrap elementor-element-populated\">\n\t\t\t\t\t\t<div class=\"elementor-element elementor-element-f4e86d1 elementor-widget elementor-widget-heading\" data-id=\"f4e86d1\" data-element_type=\"widget\" data-widget_type=\"heading.default\">\n\t\t\t\t<div class=\"elementor-widget-container\">\n\t\t\t<h2 class=\"elementor-heading-title elementor-size-default\">DR. JUAN JOS\u00c9 CARRARO<\/h2>\t\t<\/div>\n\t\t\t\t<\/div>\n\t\t\t\t\t<\/div>\n\t\t<\/div>\n\t\t\t\t\t<\/div>\n\t\t<\/section>\n\t\t\t\t<section class=\"elementor-section elementor-top-section elementor-element elementor-element-19e2446d elementor-section-boxed elementor-section-height-default elementor-section-height-default\" data-id=\"19e2446d\" data-element_type=\"section\">\n\t\t\t\t\t\t<div class=\"elementor-container elementor-column-gap-default\">\n\t\t\t\t\t<div class=\"elementor-column elementor-col-100 elementor-top-column elementor-element elementor-element-716e6f9e\" data-id=\"716e6f9e\" data-element_type=\"column\">\n\t\t\t<div class=\"elementor-widget-wrap elementor-element-populated\">\n\t\t\t\t\t\t<div class=\"elementor-element elementor-element-79b7539f elementor-widget__width-initial elementor-widget elementor-widget-text-editor\" data-id=\"79b7539f\" data-element_type=\"widget\" data-widget_type=\"text-editor.default\">\n\t\t\t\t<div class=\"elementor-widget-container\">\n\t\t\t\t\t\t\t<p><!-- wp:paragraph --><\/p>\n<p><em><img decoding=\"async\" width=\"130\" height=\"131\" class=\"wp-image-96 alignleft\" style=\"width: 130px;\" src=\"http:\/\/fundacioncarraro.org\/wp-content\/uploads\/2020\/06\/carraro.png\" alt=\"\"><\/em><\/p>\n<p><!-- \/wp:paragraph --><!-- wp:paragraph --><\/p>\n<p><strong>SEMBLANZA DEL PROFESOR DR. JUAN JOSE CARRARO<\/strong><br><i>Pensar y obrar, obrar y pensar es la suma de toda sabidur\u00eda.<\/i><br>Goethe.<\/p>\n<p><!-- \/wp:paragraph --><!-- wp:paragraph --><\/p>\n<p>El Profesor Dr. Juan Jos\u00e9 Carraro, obtuvo el t\u00edtulo de Odont\u00f3logo en el a\u00f1o 1940 y el de Doctor en Odontolog\u00eda en 1941. A s\u00f3lo cuatro a\u00f1os de graduado despierta su vocaci\u00f3n por la Periodoncia.<br>En 1945, sigue su primer curso con el Dr. Ferm\u00edn A. Carranza, iniciando as\u00ed una entrega total a esa disciplina, materializada en numerosos cursos, conferencias, publicaciones, autor\u00eda de libros y tareas de investigaci\u00f3n.<\/p>\n<p><!-- \/wp:paragraph --><!-- wp:paragraph --><\/p>\n<p>En 1952, toma a su cargo la secci\u00f3n de Periodoncia del Hospital \u00abPedro Fiorito\u00bb. Durante los diez a\u00f1os que ocup\u00f3 el cargo y los a\u00f1os siguientes en que actu\u00f3 como Jefe de Servicio de Odontolog\u00eda, lo convirti\u00f3 en el Centro donde se desarrollaban importantes actividades tendientes al perfeccionamiento profesional, labor asistencial, investigaci\u00f3n y difusi\u00f3n de conocimientos.<\/p>\n<p><!-- \/wp:paragraph --><!-- wp:paragraph --><\/p>\n<p>No es exagerado afirmar que ese Servicio, fue el centro m\u00e1s importante del pa\u00eds en el estudio de las enfermedades periodontales.<\/p>\n<p><!-- \/wp:paragraph --><!-- wp:paragraph --><\/p>\n<p>Su prestigio trascendi\u00f3 las fronteras del pa\u00eds, llegando a otros de Latinoam\u00e9rica.<br>El Profesor Doctor Carraro incursion\u00f3 en la biolog\u00eda, como fundamento de los estudios periodontales y casi al mismo tiempo que otros importantes centros extranjeros, se ocup\u00f3 de estudio del fluido gingival y del rol de la inmunolog\u00eda en la patolog\u00eda periodontal.<\/p>\n<p><!-- \/wp:paragraph --><!-- wp:paragraph --><\/p>\n<p>Foment\u00f3 la relaci\u00f3n interdisciplinaria con la medicina y en colaboraci\u00f3n con el servicio de endocrinolog\u00eda, realizaron trabajos sobre enfermedad periodontal y diabetes. La dermatolog\u00eda le dio las bases para el diagn\u00f3stico y tratamiento de las enfermedades de la mucosa oral. Estudi\u00f3 profundamente la problem\u00e1tica de la articulaci\u00f3n t\u00e9mporo-mandibular y todo lo atinente a su tratamiento. Profundiz\u00f3 los estudios de anatom\u00eda patol\u00f3gica, como base de a patolog\u00eda periodontal. Su conocimiento, actualizado permanentemente con la bibliograf\u00eda mundial, lo llev\u00f3 a poner en pr\u00e1ctica todas las t\u00e9cnicas surgidas en la especialidad. Pero due\u00f1o de un esp\u00edritu, cr\u00edtico y desapasionado, al servicio de la metodolog\u00eda cient\u00edfica, sab\u00eda discriminar sobre el valor real de cada una de ellas. Incorporando a la tarea docente como profesor titular, en la Facultad de Odontolog\u00eda de Buenos Aires, continu\u00f3 su tarea con el mismo fervor y de esta \u00e9poca datan sus trabajos sobre cirug\u00eda experimental y la prosecuci\u00f3n de todas las investigaciones iniciadas anteriormente.<\/p>\n<p><!-- \/wp:paragraph --><!-- wp:paragraph --><\/p>\n<p>\u00a1As\u00ed fue su carrera! Hoy, lamentablemente interrumpida por su fallecimiento. Pero hay algo que no cabe en lo escrito hasta aqu\u00ed. El Profesor Dr. Carraro era ante todo, un hombre culto. Con esa cultura que se completa con el profundo y c\u00e1lido conocimiento del ser humano.<br>Podemos decir: Un Humanista.<br>Un sinn\u00famero de disc\u00edpulos, algunos de los cuales descollan en el pa\u00eds y fuera de \u00e9l, dan testimonio de sus m\u00e9ritos.<\/p>\n<p><!-- \/wp:paragraph --><!-- wp:paragraph --><\/p>\n<p><!-- \/wp:paragraph --><\/p>\t\t\t\t\t\t<\/div>\n\t\t\t\t<\/div>\n\t\t\t\t\t<\/div>\n\t\t<\/div>\n\t\t\t\t\t<\/div>\n\t\t<\/section>\n\t\t\t\t<\/div>\n\t\t","protected":false},"excerpt":{"rendered":"<p>DR. JUAN JOS\u00c9 CARRARO SEMBLANZA DEL PROFESOR DR. JUAN JOSE CARRAROPensar y obrar, obrar y pensar es la suma de toda sabidur\u00eda.Goethe. El Profesor Dr. Juan Jos\u00e9 Carraro, obtuvo el t\u00edtulo de Odont\u00f3logo en el a\u00f1o 1940 y el de Doctor en Odontolog\u00eda en 1941. A s\u00f3lo cuatro a\u00f1os de graduado despierta su vocaci\u00f3n por [&hellip;]<\/p>\n","protected":false},"author":1,"featured_media":0,"parent":0,"menu_order":0,"comment_status":"closed","ping_status":"closed","template":"","meta":{"footnotes":""},"class_list":["post-88","page","type-page","status-publish","hentry"],"_links":{"self":[{"href":"https:\/\/fundacioncarraro.org\/index.php?rest_route=\/wp\/v2\/pages\/88","targetHints":{"allow":["GET"]}}],"collection":[{"href":"https:\/\/fundacioncarraro.org\/index.php?rest_route=\/wp\/v2\/pages"}],"about":[{"href":"https:\/\/fundacioncarraro.org\/index.php?rest_route=\/wp\/v2\/types\/page"}],"author":[{"embeddable":true,"href":"https:\/\/fundacioncarraro.org\/index.php?rest_route=\/wp\/v2\/users\/1"}],"replies":[{"embeddable":true,"href":"https:\/\/fundacioncarraro.org\/index.php?rest_route=%2Fwp%2Fv2%2Fcomments&post=88"}],"version-history":[{"count":21,"href":"https:\/\/fundacioncarraro.org\/index.php?rest_route=\/wp\/v2\/pages\/88\/revisions"}],"predecessor-version":[{"id":1149,"href":"https:\/\/fundacioncarraro.org\/index.php?rest_route=\/wp\/v2\/pages\/88\/revisions\/1149"}],"wp:attachment":[{"href":"https:\/\/fundacioncarraro.org\/index.php?rest_route=%2Fwp%2Fv2%2Fmedia&parent=88"}],"curies":[{"name":"wp","href":"https:\/\/api.w.org\/{rel}","templated":true}]}}